{"id":55,"date":"2013-11-22T23:01:16","date_gmt":"2013-11-22T21:01:16","guid":{"rendered":"http:\/\/mbr-vulkaneifel.de\/?page_id=55"},"modified":"2025-07-08T14:52:26","modified_gmt":"2025-07-08T12:52:26","slug":"geschaeftsstelle","status":"publish","type":"page","link":"https:\/\/mbr-vulkaneifel.de\/?page_id=55","title":{"rendered":"\u2022 Gesch\u00e4ftsstelle"},"content":{"rendered":"<p>Die Gesch\u00e4ftsstelle des MBR Vulkaneifel Daun e.V. befindet sich im Holunderweg 5, 54550 Daun-Boverath, im Geb\u00e4ude des Dienstleistungszentrum Landwirtschaft und Privatwald.<\/p>\n<table style=\"height: 888px; width: 709px;\" border=\"0\">\n<tbody>\n<tr style=\"height: 56px;\">\n<td style=\"height: 56px; width: 0px;\">&nbsp;<\/td>\n<td style=\"height: 56px; width: 541px;\">&nbsp;<\/td>\n<td style=\"height: 56px; width: 146px;\">&nbsp;<\/td>\n<\/tr>\n<tr style=\"height: 24px;\">\n<td style=\"height: 97px; width: 0px;\">&nbsp;<\/td>\n<td style=\"padding-left: 60px; height: 97px; width: 482px;\"><strong>Rudolf Michels<\/strong><br \/>\nGesch\u00e4ftsf\u00fchrer MBR Agrar-Service Daun GmbH<\/p>\n<p style=\"text-align: left;\">Tel.: 06592\/61596-22<\/p>\n<p>Mail: r.michels@mbr-vulkaneifel.de<\/td>\n<td style=\"height: 97px; width: 146px;\"><a href=\"http:\/\/mbr-vulkaneifel.de\/wp-content\/uploads\/2013\/11\/Rudi-001.jpg\"><img decoding=\"async\" loading=\"lazy\" class=\"size-full wp-image-214 aligncenter\" src=\"http:\/\/mbr-vulkaneifel.de\/wp-content\/uploads\/2013\/11\/Rudi-001.jpg\" alt=\"Rudi 001\" width=\"114\" height=\"150\"><\/a><\/td>\n<\/tr>\n<tr style=\"height: 56px;\">\n<td style=\"height: 47px; width: 0px;\">&nbsp;<\/td>\n<td style=\"height: 47px; width: 541px;\">&nbsp;<\/td>\n<td style=\"height: 47px; width: 146px;\">&nbsp;<\/td>\n<\/tr>\n<tr style=\"height: 24px;\">\n<td style=\"height: 24px; width: 0px;\">&nbsp;<\/td>\n<td style=\"padding-left: 60px; height: 24px; width: 482px;\"><strong>Annalena Roth <\/strong><\/td>\n<td style=\"height: 24px; width: 146px;\">&nbsp;<\/td>\n<\/tr>\n<tr style=\"height: 24px;\">\n<td style=\"height: 24px; width: 0px;\">&nbsp;<\/td>\n<td style=\"padding-left: 60px; height: 24px; width: 482px;\">Tel.: 06592\/61596-0<\/td>\n<td style=\"height: 24px; width: 146px;\">&nbsp;<\/td>\n<\/tr>\n<tr style=\"height: 24px;\">\n<td style=\"height: 24px; width: 0px;\">&nbsp;<\/td>\n<td style=\"padding-left: 60px; height: 24px; width: 482px;\">Mail: a.roth@mbr-vulkaneifel.de<\/td>\n<td style=\"height: 24px; width: 146px;\">&nbsp;<\/td>\n<\/tr>\n<tr style=\"height: 56px;\">\n<td style=\"height: 47px; width: 0px;\">&nbsp;<\/td>\n<td style=\"height: 47px; width: 541px;\">&nbsp;<\/td>\n<td style=\"height: 47px; width: 146px;\">&nbsp;<\/td>\n<\/tr>\n<tr style=\"height: 24px;\">\n<td style=\"height: 24px; width: 0px;\">&nbsp;<\/td>\n<td style=\"padding-left: 60px; height: 24px; width: 482px;\"><strong>Timo Lentz<\/strong><\/td>\n<td style=\"height: 24px; width: 146px;\">&nbsp;<\/td>\n<\/tr>\n<tr style=\"height: 24px;\">\n<td style=\"height: 24px; width: 0px;\">&nbsp;<\/td>\n<td style=\"padding-left: 60px; height: 24px; width: 482px;\">Tel.: 06592\/61596-23<\/td>\n<td style=\"height: 24px; width: 146px;\">&nbsp;<\/td>\n<\/tr>\n<tr style=\"height: 24px;\">\n<td style=\"height: 24px; width: 0px;\">&nbsp;<\/td>\n<td style=\"padding-left: 60px; height: 24px; width: 482px;\">Mail: t.lentz@mbr-vulkaneifel.de<\/td>\n<td style=\"height: 24px; width: 146px;\">&nbsp;<\/td>\n<\/tr>\n<tr style=\"height: 56px;\">\n<td style=\"height: 47px; width: 0px;\">&nbsp;<\/td>\n<td style=\"height: 47px; width: 541px;\">&nbsp;<\/td>\n<td style=\"height: 47px; width: 146px;\">&nbsp;<\/td>\n<\/tr>\n<tr style=\"height: 24px;\">\n<td style=\"height: 42px; width: 0px;\">&nbsp;<\/td>\n<td style=\"padding-left: 60px; height: 42px; width: 482px;\"><strong>Tobias Johanns<\/strong><\/td>\n<td style=\"height: 42px; width: 146px;\">&nbsp;<\/td>\n<\/tr>\n<tr style=\"height: 24px;\">\n<td style=\"width: 0px; height: 24px;\">&nbsp;<\/td>\n<td style=\"padding-left: 60px; height: 24px; width: 482px;\">Tel.: 06592\/61596-21<\/td>\n<td style=\"width: 146px; height: 24px;\">&nbsp;<\/td>\n<\/tr>\n<tr style=\"height: 24px;\">\n<td style=\"width: 0px; height: 24px;\">&nbsp;<\/td>\n<td style=\"padding-left: 60px; height: 24px; width: 482px;\">Mail: t.johanns@mbr-vulkaneifel.de<\/td>\n<td style=\"width: 146px; height: 24px;\">&nbsp;<\/td>\n<\/tr>\n<tr style=\"height: 56px;\">\n<td style=\"height: 47px; width: 0px;\">&nbsp;<\/td>\n<td style=\"height: 47px; width: 541px;\">&nbsp;<\/td>\n<td style=\"height: 47px; width: 146px;\">&nbsp;<\/td>\n<\/tr>\n<tr style=\"height: 24px;\">\n<td style=\"height: 24px; width: 0px;\">&nbsp;<\/td>\n<td style=\"padding-left: 60px; height: 24px; width: 482px;\"><strong>Stefanie Bischof<\/strong><\/td>\n<td style=\"height: 24px; width: 146px;\">&nbsp;<\/td>\n<\/tr>\n<tr style=\"height: 24px;\">\n<td style=\"height: 24px; width: 0px;\">&nbsp;<\/td>\n<td style=\"padding-left: 60px; height: 24px; width: 482px;\">Tel.: 06592\/61596-24<\/td>\n<td style=\"height: 24px; width: 146px;\">&nbsp;<\/td>\n<\/tr>\n<tr style=\"height: 24px;\">\n<td style=\"height: 24px; width: 0px;\">&nbsp;<\/td>\n<td style=\"padding-left: 60px; height: 24px; width: 482px;\">Mail: s.bischof@mbr-vulkaneifel.de<\/td>\n<td style=\"height: 24px; width: 146px;\">&nbsp;<\/td>\n<\/tr>\n<tr style=\"height: 56px;\">\n<td style=\"height: 47px; width: 0px;\">&nbsp;<\/td>\n<td style=\"height: 47px; width: 541px;\">&nbsp;<\/td>\n<td style=\"height: 47px; width: 146px;\">&nbsp;<\/td>\n<\/tr>\n<tr style=\"height: 56px;\">\n<td style=\"height: 47px; width: 0px;\">&nbsp;<\/td>\n<td style=\"height: 47px; width: 541px;\">\n<blockquote>\n<h2 style=\"padding-left: 20px;\">Unser Aufgabengebiet:<\/h2>\n<ul>\n<li>Verrechnungsstelle f\u00fcr Lohnarbeiten<\/li>\n<li>Organisation, Abwicklung und ziehen von Bodenproben&nbsp;<\/li>\n<li>Futtermittelanalysen&nbsp;<\/li>\n<li>Betriebshilfe- und Haushaltshilfe&nbsp;<\/li>\n<li>N\u00e4hrstoffmanagement (D\u00fcngebedarfsermittlung, D\u00fcngedokumentation etc.)&nbsp;<\/li>\n<li>Fragen rund um die D\u00fcngeVO&nbsp;<\/li>\n<li>Digitale Schlagkartei, digitales Dokumentenmanagement (Software \u201eMein Acker\u201c)&nbsp;<\/li>\n<li>Agrarf\u00f6rderung&nbsp;<\/li>\n<li>Gas\u00f6lantr\u00e4ge&nbsp;<\/li>\n<li>Organisation und Abwicklung von Kl\u00e4rschlamm- und Gr\u00fcngutverwertung&nbsp;&nbsp;<\/li>\n<li>Vermittlung von Mietmaschinen&nbsp;<\/li>\n<li>G\u00fclleseparation (eigener Separator im Verleih)&nbsp;<\/li>\n<li>Durchf\u00fchrung von Schredderarbeiten&nbsp;<\/li>\n<li>Fragen zu Einkaufsvorteilen f\u00fcr MR-Mitglieder&nbsp;<\/li>\n<li>Reinigungsvermittlung von Photovoltaikanlagen und Maschinenhallen&nbsp;<\/li>\n<li>Ganzj\u00e4hriger \u00d6lbezug&nbsp;<\/li>\n<\/ul>\n<\/blockquote>\n<\/td>\n<td style=\"height: 47px; width: 146px;\">&nbsp;<\/td>\n<\/tr>\n<tr style=\"height: 56px;\">\n<td style=\"height: 47px; width: 0px;\">&nbsp;<\/td>\n<td style=\"height: 47px; width: 541px;\">&nbsp;<\/td>\n<td style=\"height: 47px; width: 146px;\">&nbsp;<\/td>\n<\/tr>\n<tr style=\"height: 56px;\">\n<td style=\"height: 47px; width: 0px;\">&nbsp;<\/td>\n<td style=\"height: 47px; width: 541px;\">&nbsp;<\/td>\n<td style=\"height: 47px; width: 146px;\">&nbsp;<\/td>\n<\/tr>\n<tr style=\"height: 56px;\">\n<td style=\"height: 47px; width: 0px;\">&nbsp;<\/td>\n<td style=\"height: 47px; width: 541px;\">&nbsp;<\/td>\n<td style=\"height: 47px; width: 146px;\">&nbsp;<\/td>\n<\/tr>\n<tr style=\"height: 56px;\">\n<td style=\"height: 47px; width: 0px;\">&nbsp;<\/td>\n<td style=\"height: 47px; width: 541px;\">&nbsp;<\/td>\n<td style=\"height: 47px; width: 146px;\">&nbsp;<\/td>\n<\/tr>\n<tr style=\"height: 56px;\">\n<td style=\"height: 47px; width: 0px;\">&nbsp;<\/td>\n<td style=\"height: 47px; width: 541px;\">&nbsp;<\/td>\n<td style=\"height: 47px; width: 146px;\">&nbsp;<\/td>\n<\/tr>\n<tr style=\"height: 56px;\">\n<td style=\"height: 47px; width: 0px;\">&nbsp;<\/td>\n<td style=\"height: 47px; width: 541px;\">&nbsp;<\/td>\n<td style=\"height: 47px; width: 146px;\">&nbsp;<\/td>\n<\/tr>\n<tr style=\"height: 56px;\">\n<td style=\"height: 47px; width: 0px;\">&nbsp;<\/td>\n<td style=\"height: 47px; width: 541px;\">&nbsp;<\/td>\n<td style=\"height: 47px; width: 146px;\">&nbsp;<\/td>\n<\/tr>\n<\/tbody>\n<\/table>\n<div class=\"printfriendly pf-button  pf-alignleft\"><a href=\"https:\/\/mbr-vulkaneifel.de\/?page_id=55&amp;pfstyle=wp\" rel=\"nofollow\"  title=\"Printer Friendly, PDF & Email\"><img src=\"http:\/\/cdn.printfriendly.com\/pf-icon.gif\" alt=\"Print Friendly, PDF & Email\" class=\"pf-button-img\" style=\"\"  \/><span id=\"printfriendly-text2\" class=\"pf-button-text\">Diese Seite drucken<\/span><\/a><\/div>\n","protected":false},"excerpt":{"rendered":"<p>Die Gesch\u00e4ftsstelle des MBR Vulkaneifel Daun e.V. befindet sich im Holunderweg 5, 54550 Daun-Boverath, im Geb\u00e4ude des Dienstleistungszentrum Landwirtschaft und Privatwald.<\/p>\n<p> &nbsp; &nbsp; &nbsp; &nbsp; Rudolf Michels Gesch\u00e4ftsf\u00fchrer MBR Agrar-Service Daun GmbH<\/p>\n<p style=\"text-align: left;\">Tel.: 06592\/61596-22<\/p>\n<p>Mail: r.michels@mbr-vulkaneifel.de &nbsp; &nbsp; &nbsp; &nbsp; Annalena Roth &nbsp; &nbsp; Tel.: 06592\/61596-0 &nbsp; &nbsp; Mail: a.roth@mbr-vulkaneifel.de &nbsp; &nbsp; &nbsp; [&#8230;]<\/p>\n","protected":false},"author":1,"featured_media":0,"parent":0,"menu_order":600,"comment_status":"closed","ping_status":"closed","template":"","meta":[],"_links":{"self":[{"href":"https:\/\/mbr-vulkaneifel.de\/index.php?rest_route=\/wp\/v2\/pages\/55"}],"collection":[{"href":"https:\/\/mbr-vulkaneifel.de\/index.php?rest_route=\/wp\/v2\/pages"}],"about":[{"href":"https:\/\/mbr-vulkaneifel.de\/index.php?rest_route=\/wp\/v2\/types\/page"}],"author":[{"embeddable":true,"href":"https:\/\/mbr-vulkaneifel.de\/index.php?rest_route=\/wp\/v2\/users\/1"}],"replies":[{"embeddable":true,"href":"https:\/\/mbr-vulkaneifel.de\/index.php?rest_route=%2Fwp%2Fv2%2Fcomments&post=55"}],"version-history":[{"count":33,"href":"https:\/\/mbr-vulkaneifel.de\/index.php?rest_route=\/wp\/v2\/pages\/55\/revisions"}],"predecessor-version":[{"id":591,"href":"https:\/\/mbr-vulkaneifel.de\/index.php?rest_route=\/wp\/v2\/pages\/55\/revisions\/591"}],"wp:attachment":[{"href":"https:\/\/mbr-vulkaneifel.de\/index.php?rest_route=%2Fwp%2Fv2%2Fmedia&parent=55"}],"curies":[{"name":"wp","href":"https:\/\/api.w.org\/{rel}","templated":true}]}}